{"id":32,"date":"2014-04-04T00:49:28","date_gmt":"2014-04-03T22:49:28","guid":{"rendered":"http:\/\/artemis-bonn.de\/artemis_webseite\/?page_id=32"},"modified":"2022-06-27T18:57:35","modified_gmt":"2022-06-27T16:57:35","slug":"artemis-e-v","status":"publish","type":"page","link":"https:\/\/artemis-bonn.de\/artemis_webseite\/?page_id=32","title":{"rendered":"Artemis e. V."},"content":{"rendered":"<p><strong>Ausrichtung<\/strong><br \/>\nZiel unseres integrativen und gemeinn\u00fctzigen Vereines ist es, dass Menschen mit und ohne Behinderung gleicherma\u00dfen miteinander den Bogensport aus\u00fcben und somit auch ihre Erfahrungen austauschen k\u00f6nnen. Gegenseitiger Respekt ist gemeinsame \u00dcberzeugung.<br \/>\nWir haben die Gemeinschaft von Menschen mit und ohne Behinderung also bereits zu einer Zeit zum gemeinsamen Ziel erhoben und praktiziert, als Gesellschaft und Politik l\u00e4ngst noch nicht so weit waren &#8211; seit unserer Gr\u00fcndung 1989.<br \/>\nUnser sozialer Anspruch geht aber noch dar\u00fcber hinaus. So k\u00fcmmern wir uns auch um Menschen, die unter sozialer Benachteiligung leiden, wie Sie bei unseren Projekten nachlesen k\u00f6nnen.<\/p>\n<p><strong>Vorstand<\/strong><br \/>\nDer sogenannte innere Vorstand des Vereins besteht aus drei Mitgliedern (1. Vorsitzender, 2. Vorsitzender und Kassenwart).<br \/>\nZum Vorstand geh\u00f6ren weiterhin der Schriftf\u00fchrer und der Sportwart.<br \/>\nAlle zwei Jahre wird der Vorstand von den Mitgliedern neu gew\u00e4hlt.<br \/>\nEr wird in seiner t\u00e4glichen Arbeit von Beisitzern unterst\u00fctzt. Dazu geh\u00f6ren der Trainer, der Platzwart und der Webmaster.<br \/>\nAll diese Menschen arbeiten ehrenamtlich f\u00fcr unseren Verein.<\/p>\n<p><strong>Mitglieder<\/strong><br \/>\nWir sind froh, dass der Anteil von Kindern und Jugendlichen in unserem Verein um die 25% betr\u00e4gt. Das ist zwar noch nicht ideal, ist aus unserer Sicht aber gemessen an der alternden deutschen Bev\u00f6lkerung ein erfreulich guter Wert.<br \/>\nWir sind sehr stolz darauf, dass sich unsere Kinder und Jugendlichen ohne Scheu und Ber\u00fchrungs\u00e4ngste in den Kreis der Erwachsenen integrieren und sich von Ihnen als gleichberechtigt angenommen f\u00fchlen. Das liegt nach unserer Beobachtung daran, dass sich unsere Mitglieder mit gro\u00dfer Geduld und Freundlichkeit der jungen Menschen annehmen.<br \/>\nNeben unserem erfreulichen Nachwuchs haben wir auch einen soliden &#8222;Mittelbau&#8220; an Erwachsenen, die \u00fcberwiegend im Berufsleben stehen und den Bogensport als Ausgleich betreiben.<\/p>\n<p>Wir verzichten ausdr\u00fccklich darauf, Kader zu trainieren. Wir wollen im Gegenteil allen unseren Mitgliedern zugestehen, Bogensport nach eigenen Vorstellungen auszu\u00fcben. Fehlender Zwang macht unseren Verein offen f\u00fcr Kinder und Erwachsene, Familien und Menschen mit Behinderung. Nur so kann unser Verein sportliche Heimat f\u00fcr die unterschiedlichsten Menschen werden.<\/p>\n","protected":false},"excerpt":{"rendered":"<p>Ausrichtung Ziel unseres integrativen und gemeinn\u00fctzigen Vereines ist es, dass Menschen mit und ohne Behinderung gleicherma\u00dfen miteinander den Bogensport aus\u00fcben und somit auch ihre Erfahrungen austauschen k\u00f6nnen. Gegenseitiger Respekt ist gemeinsame \u00dcberzeugung. Wir haben die Gemeinschaft von Menschen mit und ohne Behinderung also bereits zu einer Zeit zum gemeinsamen Ziel<\/p>\n","protected":false},"author":1,"featured_media":0,"parent":0,"menu_order":0,"comment_status":"closed","ping_status":"closed","template":"","meta":{"footnotes":""},"class_list":["post-32","page","type-page","status-publish","hentry"],"_links":{"self":[{"href":"https:\/\/artemis-bonn.de\/artemis_webseite\/index.php?rest_route=\/wp\/v2\/pages\/32","targetHints":{"allow":["GET"]}}],"collection":[{"href":"https:\/\/artemis-bonn.de\/artemis_webseite\/index.php?rest_route=\/wp\/v2\/pages"}],"about":[{"href":"https:\/\/artemis-bonn.de\/artemis_webseite\/index.php?rest_route=\/wp\/v2\/types\/page"}],"author":[{"embeddable":true,"href":"https:\/\/artemis-bonn.de\/artemis_webseite\/index.php?rest_route=\/wp\/v2\/users\/1"}],"replies":[{"embeddable":true,"href":"https:\/\/artemis-bonn.de\/artemis_webseite\/index.php?rest_route=%2Fwp%2Fv2%2Fcomments&post=32"}],"version-history":[{"count":12,"href":"https:\/\/artemis-bonn.de\/artemis_webseite\/index.php?rest_route=\/wp\/v2\/pages\/32\/revisions"}],"predecessor-version":[{"id":12708,"href":"https:\/\/artemis-bonn.de\/artemis_webseite\/index.php?rest_route=\/wp\/v2\/pages\/32\/revisions\/12708"}],"wp:attachment":[{"href":"https:\/\/artemis-bonn.de\/artemis_webseite\/index.php?rest_route=%2Fwp%2Fv2%2Fmedia&parent=32"}],"curies":[{"name":"wp","href":"https:\/\/api.w.org\/{rel}","templated":true}]}}